{"id":11402,"date":"2022-07-29T10:00:40","date_gmt":"2022-07-29T10:00:40","guid":{"rendered":"https:\/\/skrina.si\/?post_type=product&#038;p=11402"},"modified":"2024-04-12T23:58:37","modified_gmt":"2024-04-12T21:58:37","slug":"gustav-klimt-dama-s-klobukom-grafika","status":"publish","type":"product","link":"https:\/\/skrina.si\/sl\/product\/gustav-klimt-dama-s-klobukom-grafika\/","title":{"rendered":"Dama s klobukom"},"content":{"rendered":"","protected":false},"excerpt":{"rendered":"<h5><strong><em>&#8220;Dama s klobukom in pernato \u0161tolo&#8221; <\/em><\/strong>je portret, kjer se je Klimt osredoto\u010dil predvsem na obraz, kar je za njegov slog dokaj nenavadno. Tudi perje je v nasprotju s Klimtovim obi\u010dajnim slogom in bolj spominja na dela\u00a0 Toulouse-Lautreca, ki si jih je Klimt ogledal leto prej v Parizu.<br \/>\nZasanjana, melanholi\u010dna dama\u00a0 z rde\u010dimi\u00a0 lasmi in nesorazmernim\u00a0 klobukom deluje umirjeno in spokojno, kar je tudi izjema med Klimtovimi portreti. Rahlo nagnjena glava vzbuja ob\u010dutek ponosa, njen videz je \u010duten, in samo ugibamo lahko ali so zaprte ustnice znak kljubovanja ali zapeljevanja. Moder klobuk poudarjajo stilizirane \u010drte, ki se ujemajo z ornamenti ob straneh. Kontrast med \u010drnim perjem in svilnatimi lasmi, obogatenimi z zlatimi kodri, pove\u010duje eleganco in vzvi\u0161enost.<\/h5>\n<h6><em>Lastnosti:<\/em><\/h6>\n<ul>\n<li>\n<h6><em>Naslov dela:<\/em> <em>Dama s klobukom in pernato \u0161tolo<\/em><\/h6>\n<\/li>\n<li>\n<h6><em>Tehnika: Umetni\u0161ka reprodukcija<\/em><\/h6>\n<\/li>\n<li>\n<h6><em>Zunanja dimenzija: 25 x 30 cm<\/em><\/h6>\n<\/li>\n<li>\n<h6><em>Omejena naklada <\/em><\/h6>\n<\/li>\n<li>\n<h6><em>Eleganten, brez\u010dasen dizajn<\/em><\/h6>\n<\/li>\n<li>\n<h6><em>Idealno darilo za ljubitelje Klimta in klasike<\/em><\/h6>\n<\/li>\n<\/ul>\n","protected":false},"featured_media":11403,"template":"","meta":{"_monsterinsights_skip_tracking":false,"_monsterinsights_sitenote_active":false,"_monsterinsights_sitenote_note":"","_monsterinsights_sitenote_category":0},"product_cat":[748],"product_tag":[328],"aioseo_notices":[],"yoast_head":"<!-- This site is optimized with the Yoast SEO plugin v22.1 - https:\/\/yoast.com\/wordpress\/plugins\/seo\/ -->\n<title>Dama s klobukom - Etnogalerija Skrina<\/title>\n<meta name=\"robots\" content=\"index, follow, max-snippet:-1, max-image-preview:large, max-video-preview:-1\" \/>\n<link rel=\"canonical\" href=\"https:\/\/skrina.si\/sl\/product\/gustav-klimt-dama-s-klobukom-grafika\/\" \/>\n<meta property=\"og:locale\" content=\"sl_SI\" \/>\n<meta property=\"og:locale:alternate\" content=\"en_GB\" \/>\n<meta property=\"og:type\" content=\"article\" \/>\n<meta property=\"og:title\" content=\"Dama s klobukom\" \/>\n<meta property=\"og:description\" content=\"&quot;Dama s klobukom in pernato \u0161tolo&quot; je portret, kjer se je Klimt osredoto\u010dil predvsem na obraz, kar je za njegov slog dokaj nenavadno. Tudi perje je v nasprotju s Klimtovim obi\u010dajnim slogom in bolj spominja na dela\u00a0 Toulouse-Lautreca, ki si jih je Klimt ogledal leto prej v Parizu. Zasanjana, melanholi\u010dna dama\u00a0 z rde\u010dimi\u00a0 lasmi in nesorazmernim\u00a0 klobukom deluje umirjeno in spokojno, kar je tudi izjema med Klimtovimi portreti. Rahlo nagnjena glava vzbuja ob\u010dutek ponosa, njen videz je \u010duten, in samo ugibamo lahko ali so zaprte ustnice znak kljubovanja ali zapeljevanja. Moder klobuk poudarjajo stilizirane \u010drte, ki se ujemajo z ornamenti ob straneh. Kontrast med \u010drnim perjem in svilnatimi lasmi, obogatenimi z zlatimi kodri, pove\u010duje eleganco in vzvi\u0161enost. Lastnosti:    Naslov dela: Dama s klobukom in pernato \u0161tolo    Tehnika: Umetni\u0161ka reprodukcija    Zunanja dimenzija: 25 x 30 cm    Omejena naklada     Eleganten, brez\u010dasen dizajn    Idealno darilo za ljubitelje Klimta in klasike\" \/>\n<meta property=\"og:url\" content=\"https:\/\/skrina.si\/sl\/product\/gustav-klimt-dama-s-klobukom-grafika\/\" \/>\n<meta property=\"og:site_name\" content=\"Etnogalerija Skrina\" \/>\n<meta property=\"article:modified_time\" content=\"2024-04-12T21:58:37+00:00\" \/>\n<meta property=\"og:image\" content=\"https:\/\/skrina.si\/wp-content\/uploads\/2022\/07\/Gustav-Klimt-slika-Dama-s-klobukom-Etno-galerija-Skrina.jpg\" \/>\n\t<meta property=\"og:image:width\" content=\"2000\" \/>\n\t<meta property=\"og:image:height\" content=\"1500\" \/>\n\t<meta property=\"og:image:type\" content=\"image\/jpeg\" \/>\n<meta name=\"twitter:card\" content=\"summary_large_image\" \/>\n<script type=\"application\/ld+json\" class=\"yoast-schema-graph\">{\"@context\":\"https:\/\/schema.org\",\"@graph\":[{\"@type\":\"WebPage\",\"@id\":\"https:\/\/skrina.si\/sl\/product\/gustav-klimt-dama-s-klobukom-grafika\/\",\"url\":\"https:\/\/skrina.si\/sl\/product\/gustav-klimt-dama-s-klobukom-grafika\/\",\"name\":\"[:sl]Dama s klobukom[:] - Etnogalerija Skrina\",\"isPartOf\":{\"@id\":\"https:\/\/skrina.si\/sl\/#website\"},\"datePublished\":\"2022-07-29T10:00:40+00:00\",\"dateModified\":\"2024-04-12T21:58:37+00:00\",\"breadcrumb\":{\"@id\":\"https:\/\/skrina.si\/sl\/product\/gustav-klimt-dama-s-klobukom-grafika\/#breadcrumb\"},\"inLanguage\":\"sl-SI\",\"potentialAction\":[{\"@type\":\"ReadAction\",\"target\":[\"https:\/\/skrina.si\/sl\/product\/gustav-klimt-dama-s-klobukom-grafika\/\"]}]},{\"@type\":\"BreadcrumbList\",\"@id\":\"https:\/\/skrina.si\/sl\/product\/gustav-klimt-dama-s-klobukom-grafika\/#breadcrumb\",\"itemListElement\":[{\"@type\":\"ListItem\",\"position\":1,\"name\":\"Home\",\"item\":\"https:\/\/skrina.si\/\"},{\"@type\":\"ListItem\",\"position\":2,\"name\":\"Shop\",\"item\":\"https:\/\/skrina.si\/shop\/\"},{\"@type\":\"ListItem\",\"position\":3,\"name\":\"Dama s klobukom\"}]},{\"@type\":\"WebSite\",\"@id\":\"https:\/\/skrina.si\/sl\/#website\",\"url\":\"https:\/\/skrina.si\/sl\/\",\"name\":\"Etnogalerija Skrina\",\"description\":\"Tradicija s posluhom\",\"potentialAction\":[{\"@type\":\"SearchAction\",\"target\":{\"@type\":\"EntryPoint\",\"urlTemplate\":\"https:\/\/skrina.si\/sl\/?s={search_term_string}\"},\"query-input\":\"required name=search_term_string\"}],\"inLanguage\":\"sl-SI\"}]}<\/script>\n<!-- \/ Yoast SEO plugin. -->","yoast_head_json":{"title":"Dama s klobukom - Etnogalerija Skrina","robots":{"index":"index","follow":"follow","max-snippet":"max-snippet:-1","max-image-preview":"max-image-preview:large","max-video-preview":"max-video-preview:-1"},"canonical":"https:\/\/skrina.si\/sl\/product\/gustav-klimt-dama-s-klobukom-grafika\/","og_locale":"sl_SI","og_type":"article","og_title":"[:sl]Dama s klobukom[:] - Etnogalerija Skrina","og_description":"[:sl]\"Dama s klobukom in pernato \u0161tolo\" je portret, kjer se je Klimt osredoto\u010dil predvsem na obraz, kar je za njegov slog dokaj nenavadno. Tudi perje je v nasprotju s Klimtovim obi\u010dajnim slogom in bolj spominja na dela\u00a0 Toulouse-Lautreca, ki si jih je Klimt ogledal leto prej v Parizu. Zasanjana, melanholi\u010dna dama\u00a0 z rde\u010dimi\u00a0 lasmi in nesorazmernim\u00a0 klobukom deluje umirjeno in spokojno, kar je tudi izjema med Klimtovimi portreti. Rahlo nagnjena glava vzbuja ob\u010dutek ponosa, njen videz je \u010duten, in samo ugibamo lahko ali so zaprte ustnice znak kljubovanja ali zapeljevanja. Moder klobuk poudarjajo stilizirane \u010drte, ki se ujemajo z ornamenti ob straneh. Kontrast med \u010drnim perjem in svilnatimi lasmi, obogatenimi z zlatimi kodri, pove\u010duje eleganco in vzvi\u0161enost. Lastnosti:    Naslov dela: Dama s klobukom in pernato \u0161tolo    Tehnika: Umetni\u0161ka reprodukcija    Zunanja dimenzija: 25 x 30 cm    Omejena naklada     Eleganten, brez\u010dasen dizajn    Idealno darilo za ljubitelje Klimta in klasike  [:]","og_url":"https:\/\/skrina.si\/sl\/product\/gustav-klimt-dama-s-klobukom-grafika\/","og_site_name":"Etnogalerija Skrina","article_modified_time":"2024-04-12T21:58:37+00:00","og_image":[{"width":2000,"height":1500,"url":"https:\/\/skrina.si\/wp-content\/uploads\/2022\/07\/Gustav-Klimt-slika-Dama-s-klobukom-Etno-galerija-Skrina.jpg","type":"image\/jpeg"}],"twitter_card":"summary_large_image","schema":{"@context":"https:\/\/schema.org","@graph":[{"@type":"WebPage","@id":"https:\/\/skrina.si\/sl\/product\/gustav-klimt-dama-s-klobukom-grafika\/","url":"https:\/\/skrina.si\/sl\/product\/gustav-klimt-dama-s-klobukom-grafika\/","name":"[:sl]Dama s klobukom[:] - Etnogalerija Skrina","isPartOf":{"@id":"https:\/\/skrina.si\/sl\/#website"},"datePublished":"2022-07-29T10:00:40+00:00","dateModified":"2024-04-12T21:58:37+00:00","breadcrumb":{"@id":"https:\/\/skrina.si\/sl\/product\/gustav-klimt-dama-s-klobukom-grafika\/#breadcrumb"},"inLanguage":"sl-SI","potentialAction":[{"@type":"ReadAction","target":["https:\/\/skrina.si\/sl\/product\/gustav-klimt-dama-s-klobukom-grafika\/"]}]},{"@type":"BreadcrumbList","@id":"https:\/\/skrina.si\/sl\/product\/gustav-klimt-dama-s-klobukom-grafika\/#breadcrumb","itemListElement":[{"@type":"ListItem","position":1,"name":"Home","item":"https:\/\/skrina.si\/"},{"@type":"ListItem","position":2,"name":"Shop","item":"https:\/\/skrina.si\/shop\/"},{"@type":"ListItem","position":3,"name":"Dama s klobukom"}]},{"@type":"WebSite","@id":"https:\/\/skrina.si\/sl\/#website","url":"https:\/\/skrina.si\/sl\/","name":"Etnogalerija Skrina","description":"Tradicija s posluhom","potentialAction":[{"@type":"SearchAction","target":{"@type":"EntryPoint","urlTemplate":"https:\/\/skrina.si\/sl\/?s={search_term_string}"},"query-input":"required name=search_term_string"}],"inLanguage":"sl-SI"}]}},"_links":{"self":[{"href":"https:\/\/skrina.si\/sl\/wp-json\/wp\/v2\/product\/11402"}],"collection":[{"href":"https:\/\/skrina.si\/sl\/wp-json\/wp\/v2\/product"}],"about":[{"href":"https:\/\/skrina.si\/sl\/wp-json\/wp\/v2\/types\/product"}],"wp:featuredmedia":[{"embeddable":true,"href":"https:\/\/skrina.si\/sl\/wp-json\/wp\/v2\/media\/11403"}],"wp:attachment":[{"href":"https:\/\/skrina.si\/sl\/wp-json\/wp\/v2\/media?parent=11402"}],"wp:term":[{"taxonomy":"product_cat","embeddable":true,"href":"https:\/\/skrina.si\/sl\/wp-json\/wp\/v2\/product_cat?post=11402"},{"taxonomy":"product_tag","embeddable":true,"href":"https:\/\/skrina.si\/sl\/wp-json\/wp\/v2\/product_tag?post=11402"}],"curies":[{"name":"wp","href":"https:\/\/api.w.org\/{rel}","templated":true}]}}